{"id":431,"date":"2021-07-07T22:39:04","date_gmt":"2021-07-07T22:39:04","guid":{"rendered":"http:\/\/mge.ubiobio.cl\/?page_id=431"},"modified":"2025-08-30T03:38:28","modified_gmt":"2025-08-30T03:38:28","slug":"lineas-de-trabajo","status":"publish","type":"page","link":"http:\/\/mge.ubiobio.cl\/index.php\/lineas-de-trabajo\/","title":{"rendered":"L\u00edneas de trabajo"},"content":{"rendered":"\n<p>El programa de Mag\u00edster en Gesti\u00f3n de Empresas &nbsp;se sustenta en cuatro grandes l\u00edneas de trabajo, y que se retroalimentan entre s\u00ed&nbsp;a trav\u00e9s de la investigaci\u00f3n, docencia, extensi\u00f3n y asistencia t\u00e9cnica, promoviendo &nbsp;un conjunto de temas, los cuales&nbsp;van evolucionando acorde a los intereses del profesorado, estudiantado y el contexto actual.<\/p>\n\n\n\n<h4 class=\"wp-block-heading\">Direcci\u00f3n estrat\u00e9gica<\/h4>\n\n\n\n<p>Esta l\u00ednea se enfoca en la Gesti\u00f3n propiamente tal, es decir, adem\u00e1s de incorporar el conocimiento que deben tener las personas que lideran estrat\u00e9gicamente una empresa, independiente de su tama\u00f1o, le suma aquellas habilidades que deben tener para gestionar recursos y capacidades de las personas trabajadoras de modo de generar una empresa con m\u00e1s valor y m\u00e1s competitiva en entornos globales. Temas que se abordan en esta l\u00ednea se relacionan con la responsabilidad social corporativa, los modelos de negocios, la planificaci\u00f3n estrat\u00e9gica, las estrategias corporativas y de negocios, la gesti\u00f3n de recursos humanos, entre otros. Sus aportaciones a la organizaci\u00f3n, se centran en&nbsp; la soluci\u00f3n de los problemas socio-econ\u00f3micos y de gesti\u00f3n de la empresa y de la sociedad.<\/p>\n\n\n\n<p><strong>Coordinadora:<\/strong>&nbsp;Dra. Carolina Leyton<\/p>\n\n\n\n<h4 class=\"wp-block-heading\">Desarrollo econ\u00f3mico<\/h4>\n\n\n\n<p>La l\u00ednea de desarrollo econ\u00f3mico tiene como objetivo entregar herramientas de instrumental te\u00f3rico y pr\u00e1ctico para analizar el comportamiento de hogares y empresas, el funcionamiento de los mercados e instituciones en contextos de sub-desarrollo. En&nbsp;particular, se discuten cr\u00edticamente las principales problem\u00e1ticas que enfrentan los territorios, su relaci\u00f3n con la empresa y la pol\u00edtica p\u00fablica dise\u00f1ada para enfrentar estas problem\u00e1ticas. La l\u00ednea adem\u00e1s profundiza en las transformaciones del mundo rural, econom\u00eda agraria y el desarrollo de agronegocios, sus efectos e impactos en los territorios y comunidades locales, as\u00ed como tambi\u00e9n, sus m\u00faltiples interrelaciones con el conjunto de la econom\u00eda regional y nacional. En la l\u00ednea se promueve el uso de una variedad de m\u00e9todos de investigaci\u00f3n aplicada, con \u00e9nfasis en el an\u00e1lisis de datos en el &nbsp;\u00e1mbito de la estad\u00edstica y econometr\u00eda as\u00ed como metodolog\u00edas con focalizaci\u00f3n en la integraci\u00f3n sistem\u00e1tica de los aspectos institucionales, sociales, econ\u00f3micos, culturales y estrat\u00e9gicos del desarrollo econ\u00f3mico.<\/p>\n\n\n\n<p><strong>Coordinador:<\/strong>&nbsp;Dr. Francisco Gatica<\/p>\n\n\n\n<h4 class=\"wp-block-heading\">Finanzas<\/h4>\n\n\n\n<p>La globalizaci\u00f3n ha impuesto m\u00faltiples exigencias a las organizaciones, exigi\u00e9ndole a la teor\u00eda financiera nuevos avances que apoyen los procesos de toma de decisiones en el mundo empresarial, incorporando nuevas dimensiones: una mayor complejidad en el desarrollo de los mercados financieros, aportes a la gesti\u00f3n de riesgo a la cl\u00e1sica valoraci\u00f3n de activos,&nbsp;mayor uso de nuevos instrumentos financieros,&nbsp;entre otros. Lo que es evidente, es que&nbsp;las finanzas ha evolucionado considerablemente, siendo un foco de atracci\u00f3n para economistas, cient\u00edficos e inversionistas.<\/p>\n\n\n\n<p><strong>Coordinadora:<\/strong>\u00a0Dra. Andrea King<\/p>\n\n\n\n<h4 class=\"wp-block-heading\">Sistemas y Tecnolog\u00edas de Informaci\u00f3n<\/h4>\n\n\n\n<p>La l\u00ednea de investigaci\u00f3n Sistemas y Tecnolog\u00edas de Informaci\u00f3n se enfoca en el \u00e1rea de gesti\u00f3n y uso de tecnolog\u00edas de informaci\u00f3n en las organizaciones.&nbsp; En ella se incluyen importantes tem\u00e1ticas como son la adopci\u00f3n y difusi\u00f3n de tecnolog\u00edas de informaci\u00f3n, los sistemas empresariales, la inteligencia de negocios y administraci\u00f3n del conocimiento, el comercio y gobierno electr\u00f3nico, los impactos organizacionales que tiene el desarrollo, implantaci\u00f3n, estrategia y estructura de los sistemas de informaci\u00f3n, las tem\u00e1ticas asociadas a cloud computing y big data, la seguridad, el aseguramiento de la calidad y privacidad de los sistemas, la administraci\u00f3n de proyectos tecnol\u00f3gicos, y la administraci\u00f3n de los procesos de negocios de la empresa, por citar algunos. Esta l\u00ednea de investigaci\u00f3n apunta a proveer un eje central para el desarrollo integral de sistemas en las organizaciones.<\/p>\n\n\n\n<p><strong>Coordinador:<\/strong>\u00a0Dr. Sergio Araya<\/p>\n\n\n\n<p><\/p>\n","protected":false},"excerpt":{"rendered":"<p>El programa de Mag\u00edster en Gesti\u00f3n de Empresas &nbsp;se sustenta en cuatro grandes l\u00edneas de trabajo, y que se retroalimentan entre s\u00ed&nbsp;a trav\u00e9s de la investigaci\u00f3n, docencia, extensi\u00f3n y asistencia t\u00e9cnica, promoviendo &nbsp;un conjunto de temas, los cuales&nbsp;van evolucionando acorde a los intereses del profesorado, estudiantado y el contexto actual. Direcci\u00f3n estrat\u00e9gica Esta l\u00ednea se [&hellip;]<\/p>\n","protected":false},"author":1,"featured_media":0,"parent":0,"menu_order":0,"comment_status":"closed","ping_status":"closed","template":"","meta":{"footnotes":""},"class_list":["post-431","page","type-page","status-publish","hentry"],"_links":{"self":[{"href":"http:\/\/mge.ubiobio.cl\/index.php\/wp-json\/wp\/v2\/pages\/431","targetHints":{"allow":["GET"]}}],"collection":[{"href":"http:\/\/mge.ubiobio.cl\/index.php\/wp-json\/wp\/v2\/pages"}],"about":[{"href":"http:\/\/mge.ubiobio.cl\/index.php\/wp-json\/wp\/v2\/types\/page"}],"author":[{"embeddable":true,"href":"http:\/\/mge.ubiobio.cl\/index.php\/wp-json\/wp\/v2\/users\/1"}],"replies":[{"embeddable":true,"href":"http:\/\/mge.ubiobio.cl\/index.php\/wp-json\/wp\/v2\/comments?post=431"}],"version-history":[{"count":8,"href":"http:\/\/mge.ubiobio.cl\/index.php\/wp-json\/wp\/v2\/pages\/431\/revisions"}],"predecessor-version":[{"id":3539,"href":"http:\/\/mge.ubiobio.cl\/index.php\/wp-json\/wp\/v2\/pages\/431\/revisions\/3539"}],"wp:attachment":[{"href":"http:\/\/mge.ubiobio.cl\/index.php\/wp-json\/wp\/v2\/media?parent=431"}],"curies":[{"name":"wp","href":"https:\/\/api.w.org\/{rel}","templated":true}]}}