{"id":987,"date":"2021-07-12T21:41:44","date_gmt":"2021-07-12T21:41:44","guid":{"rendered":"http:\/\/mge.ubiobio.cl\/?page_id=987"},"modified":"2025-12-21T02:51:45","modified_gmt":"2025-12-21T02:51:45","slug":"plan-de-estudios","status":"publish","type":"page","link":"https:\/\/mge.ubiobio.cl\/index.php\/plan-de-estudios\/","title":{"rendered":"Plan de estudios"},"content":{"rendered":"\n<div class=\"alert alert-danger\" role=\"alert\" style=\"color: #ffffff; background-color: #ff7d89; border-color: #ff7d89;   border-radius: 0px;\">\n   PLAN DE ESTUDIOS A PARTIR DEL A\u00d1O 2024\n<\/div>\n\n\n\n<h4 class=\"wp-block-heading\">Malla Modalidad Ejecutiva<\/h4>\n\n\n<div class=\"wp-block-image\">\n<figure class=\"aligncenter size-full is-resized\"><img loading=\"lazy\" decoding=\"async\" width=\"459\" height=\"447\" src=\"http:\/\/mge.ubiobio.cl\/wp-content\/uploads\/2023\/10\/Modalidad_ejecutiva-1.png\" alt=\"\" class=\"wp-image-1903\" style=\"width:667px;height:649px\" srcset=\"https:\/\/mge.ubiobio.cl\/wp-content\/uploads\/2023\/10\/Modalidad_ejecutiva-1.png 459w, https:\/\/mge.ubiobio.cl\/wp-content\/uploads\/2023\/10\/Modalidad_ejecutiva-1-308x300.png 308w\" sizes=\"auto, (max-width: 459px) 100vw, 459px\" \/><\/figure>\n<\/div>\n\n\n<p>La Modalidad Ejecutiva se refiere a los estudiantes ejecutivos que no articulan, y cuya duraci\u00f3n de la modalidad es de 3 semestres acad\u00e9micos.<\/p>\n\n\n\n<h4 class=\"wp-block-heading\"><strong>Modalidad Articulada<\/strong><\/h4>\n\n\n<div class=\"wp-block-image\">\n<figure class=\"aligncenter size-full is-resized\"><img loading=\"lazy\" decoding=\"async\" width=\"462\" height=\"492\" src=\"http:\/\/mge.ubiobio.cl\/wp-content\/uploads\/2023\/10\/Modalida_articulada-2.png\" alt=\"\" class=\"wp-image-1905\" style=\"width:677px;height:721px\" srcset=\"https:\/\/mge.ubiobio.cl\/wp-content\/uploads\/2023\/10\/Modalida_articulada-2.png 462w, https:\/\/mge.ubiobio.cl\/wp-content\/uploads\/2023\/10\/Modalida_articulada-2-282x300.png 282w\" sizes=\"auto, (max-width: 462px) 100vw, 462px\" \/><\/figure>\n<\/div>\n\n\n<p><a>La modalidad articulada se refiere a la modalidad que siguen los estudiantes de la Universidad del B\u00edo-B\u00edo que articulan con el programa en su \u00faltimo a\u00f1o de carrera, de acuerdo a la normativa institucional vigente, y que pueden provenir de la carrera de Ingenier\u00eda Comercial o Ingenier\u00eda Civil Inform\u00e1tica. Esta modalidad dura 4 semestres.<\/a><\/p>\n\n\n\n<p>El estudiante podr\u00e1 cursar las asignaturas impartidas seg\u00fan oferta por semestre.<\/p>\n\n\n\n<h4 class=\"wp-block-heading\">PROGRAMAS ASIGNATURAS OBLIGATORIAS (REFERENCIALES):<\/h4>\n\n\n\n<table class=\"table table-striped table-hover\">\n    <tbody>\n      <tr>\n          <td>Gesti\u00f3n Estrat\u00e9gica<\/td>\n          <td width=\"150\"><a target=\"blank\" class=\"btn btn-secondary btn-sm\" href=\"https:\/\/docs.google.com\/document\/d\/1Bk5nclnJV-0ARSHaH8CUHSMstdlkxM4m\/edit\" rel=\"noopener\"><i class=\"bi bi-cloud-arrow-down\"><\/i> descarga<\/a><\/td>\n      <\/tr>\n      <tr>\n          <td>Econom\u00eda y finanzas de empresas<\/td>\n          <td width=\"150\"><a target=\"blank\" class=\"btn btn-secondary btn-sm\" href=\"https:\/\/docs.google.com\/document\/d\/1Hc1lyyfhsRKEzPoKVV4MaNJFXh61HItt\/edit\" rel=\"noopener\"><i class=\"bi bi-cloud-arrow-down\"><\/i> descarga<\/a><\/td>\n      <\/tr>\n      <tr>\n          <td>Sistemas y tecnolog\u00eda de la Informaci\u00f3n en gesti\u00f3n<\/td>\n          <td width=\"150\"><a target=\"blank\" class=\"btn btn-secondary btn-sm\" href=\"https:\/\/docs.google.com\/document\/d\/1Xgw_7kXk5zSczVb-X8BgSldL9v14AsPU\/edit\" rel=\"noopener\"><i class=\"bi bi-cloud-arrow-down\"><\/i> descarga<\/a><\/td>\n      <\/tr>\n      <tr>\n          <td>M\u00e9todos de an\u00e1lisis para la gesti\u00f3n<\/td>\n          <td width=\"150\"><a target=\"blank\" class=\"btn btn-secondary btn-sm\" href=\"https:\/\/docs.google.com\/document\/d\/18Xlc9k2v_EFfCJQEVBsFFO6csJlqDQBf\/edit\" rel=\"noopener\"><i class=\"bi bi-cloud-arrow-down\"><\/i> descarga<\/a><\/td>\n      <\/tr>\n      <tr>\n          <td>Gobiernos corporativos \u00e9tica y responsabilidad Social<\/td>\n          <td width=\"150\"><a target=\"blank\" class=\"btn btn-secondary btn-sm\" href=\"https:\/\/docs.google.com\/document\/d\/114kMAoXjCFRwENY1vE-Z6n1_jKJ_939Q\/edit\" rel=\"noopener\"><i class=\"bi bi-cloud-arrow-down\"><\/i> descarga<\/a><\/td>\n      <\/tr>\n      <tr>\n          <td>Integraci\u00f3n de procesos de negocios<\/td>\n          <td width=\"150\"><a target=\"blank\" class=\"btn btn-secondary btn-sm\" href=\"https:\/\/docs.google.com\/document\/d\/1X0KcbDZCQfXDvQVaHE8ID9VkWnA7TARZ\/edit\" rel=\"noopener\"><i class=\"bi bi-cloud-arrow-down\"><\/i> descarga<\/a><\/td>\n      <\/tr>\n      <tr>\n          <td>Seminario de Proyecto de grado<\/td>\n          <td width=\"150\"><a target=\"blank\" class=\"btn btn-secondary btn-sm\" href=\"https:\/\/docs.google.com\/document\/d\/1zl5-8OfgendoYUZWtL8ZHKdoWFENyNob\/edit\" rel=\"noopener\"><i class=\"bi bi-cloud-arrow-down\"><\/i> descarga<\/a><\/td>\n      <\/tr>\n          <td>Desarrollo de habilidades directivas<\/td>\n          <td width=\"150\"><a target=\"blank\" class=\"btn btn-secondary btn-sm\" href=\"https:\/\/docs.google.com\/document\/d\/1YSq9nHCD5vnH6BvUjc2y3dTnUsNwGCIt\/edit\" rel=\"noopener\"><i class=\"bi bi-cloud-arrow-down\"><\/i> descarga<\/a><\/td>\n      <\/tr>\n          <td>Trabajo de Grado<\/td>\n          <td width=\"150\"><a target=\"blank\" class=\"btn btn-secondary btn-sm\" href=\"https:\/\/docs.google.com\/document\/d\/11AC5mUjyrHqgTBobUCKPM4_NUea9nxdU\/edit\" rel=\"noopener\"><i class=\"bi bi-cloud-arrow-down\"><\/i> descarga<\/a><\/td>\n      <\/tr>\n    <\/tbody>\n<\/table>\n\n\n\n<h4 class=\"wp-block-heading\"><strong>PROGRAMAS ASIGNATURAS ELECTIVAS (REFERENCIALES):<\/strong><\/h4>\n\n\n\n<p>El estudiantado&nbsp;podr\u00e1 optar por asignaturas electivas durante su proceso formativo teniendo en cuenta sus intereses y l\u00edneas de trabajo que desea profundizar. Algunas asignaturas que se podr\u00edan dictar, dependiendo del n\u00famero de inscritos y oferta acad\u00e9mica, son:<\/p>\n\n\n\n<h4 class=\"wp-block-heading\">Direcci\u00f3n Estrat\u00e9gica:<\/h4>\n\n\n\n<table class=\"table table-striped table-hover\">\n    <tbody>\n      <tr>\n          <td>Consultor\u00eda y Cambio Organizacional<\/td>\n          <td width=\"150\"><a target=\"blank\" class=\"btn btn-secondary btn-sm\" href=\"https:\/\/docs.google.com\/document\/d\/1SajLr4-PqZIKkh0Ik0OLmabS92MXhTPK\/edit\" rel=\"noopener\"><i class=\"bi bi-cloud-arrow-down\"><\/i> descarga<\/a><\/td>\n      <\/tr>\n      <tr>\n          <td>Seminario en Direcci\u00f3n Estrat\u00e9gica<\/td>\n          <td width=\"150\"><a target=\"blank\" class=\"btn btn-secondary btn-sm\" href=\"https:\/\/docs.google.com\/document\/d\/10_6X1Xob5jzLp6IlVCzm8fzr7-20HMB7\/edit\" rel=\"noopener\"><i class=\"bi bi-cloud-arrow-down\"><\/i> descarga<\/a><\/td>\n      <\/tr>\n      <tr>\n          <td>Gerencia y pol\u00edticas p\u00fablicas<\/td>\n          <td width=\"150\"><a target=\"blank\" class=\"btn btn-secondary btn-sm\" href=\"https:\/\/docs.google.com\/document\/d\/1j87DYC7z_Sg8QQom2Zsh61o_gcJkBy8f\/edit\" rel=\"noopener\"><i class=\"bi bi-cloud-arrow-down\"><\/i> descarga<\/a><\/td>\n      <\/tr>\n      <tr>\n          <td>M\u00e9todos de investigaci\u00f3n cualitativa en marketing<\/td>\n          <td width=\"150\"><a target=\"blank\" class=\"btn btn-secondary btn-sm\" href=\"https:\/\/docs.google.com\/document\/d\/19ZX4BYzhIEGAapeHCHgMqTt_fO7V8vXs\/edit\" rel=\"noopener\"><i class=\"bi bi-cloud-arrow-down\"><\/i> descarga<\/a><\/td>\n      <\/tr>\n    <\/tbody>\n<\/table>\n\n\n\n<h4 class=\"wp-block-heading\">Desarrollo econ\u00f3mico:<\/h4>\n\n\n\n<table class=\"table table-striped table-hover\">\n    <tbody>\n      <tr>\n          <td>Econom\u00eda Agraria<\/td>\n          <td width=\"150\"><a target=\"blank\" class=\"btn btn-secondary btn-sm\" href=\"https:\/\/docs.google.com\/document\/d\/1fbBIDVCAGxB_vM_n4lKZsOtBWMwcqw4p\/edit\" rel=\"noopener\"><i class=\"bi bi-cloud-arrow-down\"><\/i> descarga<\/a><\/td>\n      <\/tr>\n      <tr>\n          <td>Econom\u00eda del Desarrollo<\/td>\n          <td width=\"150\"><a target=\"blank\" class=\"btn btn-secondary btn-sm\" href=\"https:\/\/docs.google.com\/document\/d\/1pPSqYKWwpf_gKiXOuXOi9ySLFLh4O2lB\/edit\" rel=\"noopener\"><i class=\"bi bi-cloud-arrow-down\"><\/i> descarga<\/a><\/td>\n      <\/tr>\n    <\/tbody>\n<\/table>\n\n\n\n<h4 class=\"wp-block-heading\">Finanzas:<\/h4>\n\n\n\n<table class=\"table table-striped table-hover\">\n    <tbody>\n      <tr>\n          <td>Valorizaci\u00f3n de empresas, un enfoque moderno<\/td>\n          <td width=\"150\"><a target=\"blank\" class=\"btn btn-secondary btn-sm\" href=\"https:\/\/docs.google.com\/document\/d\/1cykSs7F9Ji3pKviQdZmgIbiXgHMLED1V\/edit\" rel=\"noopener\"><i class=\"bi bi-cloud-arrow-down\"><\/i> descarga<\/a><\/td>\n      <\/tr>\n      <tr>\n          <td>Evaluaci\u00f3n de proyectos e innovaci\u00f3n en empresas<\/td>\n          <td width=\"150\"><a target=\"blank\" class=\"btn btn-secondary btn-sm\" href=\"https:\/\/docs.google.com\/document\/d\/17KmVZrilNbs9j0PM9KI-u2ndWIfGl6Ef\/edit\" rel=\"noopener\"><i class=\"bi bi-cloud-arrow-down\"><\/i> descarga<\/a><\/td>\n      <\/tr>\n      <tr>\n          <td>Fundamentos y gesti\u00f3n del accountability<\/td>\n          <td width=\"150\"><a target=\"blank\" class=\"btn btn-secondary btn-sm\" href=\"https:\/\/docs.google.com\/document\/d\/10fdffAvauYUGsUDOH8a23Ex6l3540fWC\/edit\" rel=\"noopener\"><i class=\"bi bi-cloud-arrow-down\"><\/i> descarga<\/a><\/td>\n      <\/tr>\n      <tr>\n          <td>Gesti\u00f3n estrat\u00e9gica de costos<\/td>\n          <td width=\"150\"><a target=\"blank\" class=\"btn btn-secondary btn-sm\" href=\"https:\/\/docs.google.com\/document\/d\/1GRY4k5-pOrb7wWz6VqiRqk-exT7lMb4K\/edit\" rel=\"noopener\"><i class=\"bi bi-cloud-arrow-down\"><\/i> descarga<\/a><\/td>\n      <\/tr>\n    <\/tbody>\n<\/table>\n\n\n\n<h4 class=\"wp-block-heading\">Sistemas y Tecnolog\u00edas de Informaci\u00f3n:<\/h4>\n\n\n\n<table class=\"table table-striped table-hover\">\n    <tbody>\n      <tr>\n          <td>Elementos de ciencia de datos para la gesti\u00f3n<\/td>\n          <td width=\"150\"><a target=\"blank\" class=\"btn btn-secondary btn-sm\" href=\"https:\/\/docs.google.com\/document\/d\/1XUoNWQ1nB05exCH8RIFLs83kZFFqa4wx\/edit\" rel=\"noopener\"><i class=\"bi bi-cloud-arrow-down\"><\/i> descarga<\/a><\/td>\n      <\/tr>\n      <tr>\n          <td>Sistemas de informaci\u00f3n y organizaci\u00f3n<\/td>\n          <td width=\"150\"><a target=\"blank\" class=\"btn btn-secondary btn-sm\" href=\"https:\/\/docs.google.com\/document\/d\/1HaDDhX75-jF-0w7BdhDd67NH9vJVoW0B\/edit\" rel=\"noopener\"><i class=\"bi bi-cloud-arrow-down\"><\/i> descarga<\/a><\/td>\n      <\/tr>\n    <\/tbody>\n<\/table>\n\n\n\n\n\n\n\n\n\n\n\n\n\n\n\n\n\n\n\n\n\n\n\n\n\n\n\n\n\n\n\n\n\n\n\n\n\n\n\n\n\n<p><\/p>\n","protected":false},"excerpt":{"rendered":"<p>PLAN DE ESTUDIOS A PARTIR DEL A\u00d1O 2024 Malla Modalidad Ejecutiva La Modalidad Ejecutiva se refiere a los estudiantes ejecutivos que no articulan, y cuya duraci\u00f3n de la modalidad es de 3 semestres acad\u00e9micos. Modalidad Articulada La modalidad articulada se refiere a la modalidad que siguen los estudiantes de la Universidad del B\u00edo-B\u00edo que articulan [&hellip;]<\/p>\n","protected":false},"author":1,"featured_media":0,"parent":0,"menu_order":0,"comment_status":"closed","ping_status":"closed","template":"","meta":{"footnotes":""},"class_list":["post-987","page","type-page","status-publish","hentry"],"_links":{"self":[{"href":"https:\/\/mge.ubiobio.cl\/index.php\/wp-json\/wp\/v2\/pages\/987","targetHints":{"allow":["GET"]}}],"collection":[{"href":"https:\/\/mge.ubiobio.cl\/index.php\/wp-json\/wp\/v2\/pages"}],"about":[{"href":"https:\/\/mge.ubiobio.cl\/index.php\/wp-json\/wp\/v2\/types\/page"}],"author":[{"embeddable":true,"href":"https:\/\/mge.ubiobio.cl\/index.php\/wp-json\/wp\/v2\/users\/1"}],"replies":[{"embeddable":true,"href":"https:\/\/mge.ubiobio.cl\/index.php\/wp-json\/wp\/v2\/comments?post=987"}],"version-history":[{"count":67,"href":"https:\/\/mge.ubiobio.cl\/index.php\/wp-json\/wp\/v2\/pages\/987\/revisions"}],"predecessor-version":[{"id":3906,"href":"https:\/\/mge.ubiobio.cl\/index.php\/wp-json\/wp\/v2\/pages\/987\/revisions\/3906"}],"wp:attachment":[{"href":"https:\/\/mge.ubiobio.cl\/index.php\/wp-json\/wp\/v2\/media?parent=987"}],"curies":[{"name":"wp","href":"https:\/\/api.w.org\/{rel}","templated":true}]}}